{"id":3,"date":"2026-03-13T20:20:49","date_gmt":"2026-03-13T19:20:49","guid":{"rendered":"https:\/\/bookmycharging.com\/?page_id=3"},"modified":"2026-03-16T10:08:04","modified_gmt":"2026-03-16T09:08:04","slug":"adatkezelesi-tajekoztato","status":"publish","type":"page","link":"https:\/\/bookmycharging.com\/hu\/adatkezelesi-tajekoztato\/","title":{"rendered":"Adatkezel\u00e9si t\u00e1j\u00e9koztat\u00f3"},"content":{"rendered":"<h2 class=\"wp-block-heading\">Kik vagyunk<\/h2>\n\n\n\n<p>Az \u00d6n \u00e1ltal let\u00f6lt\u00f6tt <strong>BookMyCharging<\/strong> applik\u00e1ci\u00f3t (a tov\u00e1bbiakban: applik\u00e1ci\u00f3) a <strong>VemSoft<br>M\u0171szaki-fejleszt\u0151 \u00e9s Szolg\u00e1ltat\u00f3 Kft. (sz\u00e9khely: 1043 Budapest, Cs\u00e1nyi L\u00e1szl\u00f3 utca<br>34.; Cg.: 01-09-071642; ad\u00f3sz\u00e1m: 10446678-2-41;<\/strong>) a tov\u00e1bbiakban: (Szolg\u00e1ltat\u00f3)<br>\u00fczemelteti \u00e9s szolg\u00e1ltatja.<br>A szolg\u00e1ltat\u00e1s ig\u00e9nybe v\u00e9tele \u00e9rdek\u00e9ben sz\u00fcks\u00e9ges, hogy a felhaszn\u00e1l\u00f3 (Felhaszn\u00e1l\u00f3) a<br>Szolg\u00e1ltat\u00f3 sz\u00e1m\u00e1ra bizonyos szem\u00e9lyes adatait megadja. Ezen adatokat a Szolg\u00e1ltat\u00f3<br>bizalmasan, a vonatkoz\u00f3 jogszab\u00e1lyokat marad\u00e9ktalanul betartva \u00e9s kiz\u00e1r\u00f3lag csak az<br>adott szolg\u00e1ltat\u00e1s ny\u00fajt\u00e1sa, az applik\u00e1ci\u00f3 m\u0171k\u00f6d\u00e9se \u00e9rdek\u00e9ben kezeli.<br>Szolg\u00e1ltat\u00f3 az adatokat az inform\u00e1ci\u00f3s \u00f6nrendelkez\u00e9si jogr\u00f3l \u00e9s az<br>inform\u00e1ci\u00f3szabads\u00e1gr\u00f3l sz\u00f3l\u00f3 2011. \u00e9vi CXII. t\u00f6rv\u00e9ny, illetve az inform\u00e1ci\u00f3s<br>t\u00e1rsadalommal \u00f6sszef\u00fcgg\u0151 szolg\u00e1ltat\u00e1sok egyes k\u00e9rd\u00e9seir\u0151l sz\u00f3l\u00f3 2001. \u00e9vi CVIII.<br>t\u00f6rv\u00e9ny rendelkez\u00e9seinek a legteljesebb m\u00e9rt\u00e9kben eleget t\u00e9ve jelen Adatkezel\u00e9si<br>Szab\u00e1lyzatban foglaltak szerint kezeli.<br>A Szolg\u00e1ltat\u00f3 elk\u00f6telezett Felhaszn\u00e1l\u00f3i szem\u00e9lyes adatainak v\u00e9delme mellett, kiemelten<br>fontosnak tartja \u00fcgyfelei inform\u00e1ci\u00f3s \u00f6nrendelkez\u00e9si jog\u00e1nak tiszteletben tart\u00e1s\u00e1t. A<br>Szolg\u00e1ltat\u00f3 a szem\u00e9lyes adatokat bizalmasan kezeli, \u00e9s megtesz minden olyan<br>biztons\u00e1gi, technikai \u00e9s szervez\u00e9si int\u00e9zked\u00e9st, amely az adatok biztons\u00e1g\u00e1t garant\u00e1lja.<br>Az applik\u00e1ci\u00f3 let\u00f6lt\u00e9se, illetve a szem\u00e9lyes adatok megad\u00e1sa minden esetben \u00f6nk\u00e9ntes.<br>A Felhaszn\u00e1l\u00f3 felel\u0151ss\u00e9get v\u00e1llal az\u00e9rt, hogy a let\u00f6lt\u00e9st \u00f6nk\u00e9ntesen \u00e9s megfelel\u0151<br>t\u00e1j\u00e9koztat\u00e1s birtok\u00e1ban hajtotta v\u00e9gre. A megadott adatok megfelel\u0151s\u00e9g\u00e9\u00e9rt kiz\u00e1r\u00f3lag az<br>azt megad\u00f3 szem\u00e9ly felel. E felel\u0151ss\u00e9g-v\u00e1llal\u00e1sra tekintettel a megadott adatok<br>tartalm\u00e1nak b\u00e1rmely val\u00f3tlans\u00e1g\u00e1\u00e9rt a Szolg\u00e1ltat\u00f3t felel\u0151ss\u00e9g nem terheli.<\/p>\n\n\n\n<h2 class=\"wp-block-heading\">Az adatkezel\u00e9s c\u00e9lja<\/h2>\n\n\n\n<p>A BookMyCharging alkalmaz\u00e1s helymeghat\u00e1roz\u00f3 \u00e9s inform\u00e1ci\u00f3s szolg\u00e1ltat\u00e1sainak Felhaszn\u00e1l\u00f3 \u00e1ltali ig\u00e9nybev\u00e9tele.<\/p>\n\n\n\n<h2 class=\"wp-block-heading\">Az adatkezel\u00e9s jogalapja<\/h2>\n\n\n\n<p>A Felhaszn\u00e1l\u00f3 hozz\u00e1j\u00e1rul\u00e1sa az inform\u00e1ci\u00f3s \u00f6nrendelkez\u00e9si jogr\u00f3l \u00e9s az inform\u00e1ci\u00f3szabads\u00e1gr\u00f3l sz\u00f3l\u00f3 2011. \u00e9vi CXII. t\u00f6rv\u00e9ny 5.\u00a7.(1) a.) pontja alapj\u00e1n, illetve az elektronikus kereskedelmi szolg\u00e1ltat\u00e1sok, valamint az inform\u00e1ci\u00f3s t\u00e1rsadalommal \u00f6sszef\u00fcgg\u0151 szolg\u00e1ltat\u00e1sok egyes k\u00e9rd\u00e9seir\u0151l sz\u00f3l\u00f3 2001. \u00e9vi CVIII.<br>t\u00f6rv\u00e9ny (Eker.tv.) 13\/A. \u00a7 (3) bekezd\u00e9se.<\/p>\n\n\n\n<h2 class=\"wp-block-heading\">A kezelt adatok k\u00f6re<\/h2>\n\n\n\n<ul class=\"wp-block-list\">\n<li>a Felhaszn\u00e1l\u00f3 GPS koordin\u00e1t\u00e1i a t\u00f6lt\u0151\u00e1llom\u00e1sok t\u00e1vols\u00e1g\u00e1nak kijelz\u00e9se \u00e9rdek\u00e9ben<\/li>\n\n\n\n<li>az alkalmaz\u00e1ssal k\u00e9sz\u00edtett fot\u00f3k probl\u00e9m\u00e1k jelent\u00e9s\u00e9re szolg\u00e1lnak<\/li>\n\n\n\n<li>a Felhaszn\u00e1l\u00f3 bejelentkez\u0151 mobil eszk\u00f6zeinek azon adatai melyek a szolg\u00e1ltat\u00e1s ig\u00e9nybev\u00e9tele sor\u00e1n gener\u00e1l\u00f3dnak \u00e9s melyeket a Szolg\u00e1ltat\u00f3 rendszere, a technikai folyamatok automatikus eredm\u00e9nyek\u00e9nt r\u00f6gz\u00edt.<\/li>\n<\/ul>\n\n\n\n<p>A BookMyCharging applik\u00e1ci\u00f3 Android k\u00f6rnyezetben t\u00f6rt\u00e9n\u0151 haszn\u00e1lat\u00e1val a Felhaszn\u00e1l\u00f3<br>hozz\u00e1j\u00e1rul, hogy a Szolg\u00e1ltat\u00f3 az applik\u00e1ci\u00f3 egyes funkci\u00f3inak megnyit\u00e1s\u00e1r\u00f3l, azok<br>haszn\u00e1lat\u00e1nak id\u0151tartam\u00e1r\u00f3l anonim statisztik\u00e1t vezessen. A Felhaszn\u00e1l\u00f3 GPS<br>koordin\u00e1t\u00e1i felhaszn\u00e1l\u00e1sra ker\u00fclnek az applik\u00e1ci\u00f3 alapvet\u0151 funkci\u00f3inak haszn\u00e1lata<br>\u00e9rdek\u00e9ben, ezen koordin\u00e1t\u00e1k ugyanakkor nem ker\u00fclnek elt\u00e1rol\u00e1sa a Szolg\u00e1ltat\u00f3 \u00e1ltal.<br>Felhaszn\u00e1l\u00f3 szem\u00e9lyes adatai nem ker\u00fclnek a felhaszn\u00e1l\u00e1si param\u00e9terekhez<br>hozz\u00e1rendel\u00e9sre.<\/p>\n\n\n\n<h2 class=\"wp-block-heading\">Az adatkezel\u00e9s id\u0151tartama<\/h2>\n\n\n\n<p>Szolg\u00e1ltat\u00f3 az adatokat a regisztr\u00e1ci\u00f3 fenn\u00e1ll\u00e1sa alatt kezeli. Jogellenes, megt\u00e9veszt\u0151 szem\u00e9lyes adat haszn\u00e1lata eset\u00e9n vagy \u00fcgyf\u00e9l \u00e1ltal elk\u00f6vetett b\u0171ncselekm\u00e9ny, illetve rendszer elleni t\u00e1mad\u00e1s eset\u00e9n az adatkezel\u0151 jogosult a Felhaszn\u00e1l\u00f3 adatait halad\u00e9ktalanul t\u00f6r\u00f6lni, ugyanakkor b\u0171ncselekm\u00e9ny gyan\u00faja vagy polg\u00e1ri jogi felel\u0151ss\u00e9g gyan\u00faja eset\u00e9n jogosult az adatokat a lefolytatand\u00f3 elj\u00e1r\u00e1s id\u0151tartam\u00e1ra \u0151rizni is.<\/p>\n\n\n\n<h2 class=\"wp-block-heading\">Az adatokhoz val\u00f3 hozz\u00e1f\u00e9r\u00e9s<\/h2>\n\n\n\n<p>A kezelt szem\u00e9lyes adatokhoz a Felhaszn\u00e1l\u00f3n k\u00edv\u00fcl, kiz\u00e1r\u00f3lag a Szolg\u00e1ltat\u00f3 munkat\u00e1rsai az applik\u00e1ci\u00f3 \u00e9s a szolg\u00e1ltat\u00e1s m\u0171k\u00f6d\u00e9s\u00e9hez sz\u00fcks\u00e9ges m\u00e9rt\u00e9kben f\u00e9rhetnek hozz\u00e1. Az adatok feldolgoz\u00e1s\u00e1t Szolg\u00e1ltat\u00f3 v\u00e9gzi, azokhoz hozz\u00e1f\u00e9r\u00e9st harmadik szem\u00e9ly r\u00e9sz\u00e9re nem biztos\u00edt.<br>Felhaszn\u00e1l\u00f3 a let\u00f6lt\u00e9ssel hozz\u00e1j\u00e1rul ahhoz, hogy Szolg\u00e1ltat\u00f3 a rendszer hat\u00e9kony<br>m\u0171k\u00f6d\u00e9s\u00e9nek \u00e9rdek\u00e9ben, statisztikai, illetve inform\u00e1ci\u00f3s c\u00e9llal a kezelt adatokat<br>\u00f6sszekapcsolja. Szolg\u00e1ltat\u00f3 kijelenti, hogy az \u00f6sszekapcsolt adatok nem min\u0151s\u00fclnek,<br>szem\u00e9lyes adatnak tekintettel arra, hogy azokb\u00f3l az \u00e9rintett-tel val\u00f3 kapcsolat nem<br>\u00e1ll\u00edthat\u00f3 helyre. Az \u00f6sszekapcsolt adatokat Szolg\u00e1ltat\u00f3 harmadik szem\u00e9ly r\u00e9sz\u00e9re<br>semmilyen form\u00e1ban nem szolg\u00e1ltatja ki, azok kiz\u00e1r\u00f3lag a Szolg\u00e1ltat\u00f3 munkat\u00e1rsai<br>sz\u00e1m\u00e1ra, hozz\u00e1f\u00e9rhet\u0151ek. A rendelkez\u00e9s nem vonatkozik arra az esetre, hogy<br>Szolg\u00e1ltat\u00f3 hat\u00f3s\u00e1gi hat\u00e1rozaton alapul\u00f3, illetve egy\u00e9b hivatalos \u00faton t\u00f6rt\u00e9n\u0151<br>megkeres\u00e9snek tesz eleget.<br>A Felhaszn\u00e1l\u00f3 nem j\u00e1rul hozz\u00e1 szem\u00e9lyes adatai nyilv\u00e1noss\u00e1 t\u00e9tel\u00e9hez.<br>Felhaszn\u00e1l\u00f3 az adatai kezel\u00e9s\u00e9r\u0151l, annak m\u00f3dj\u00e1r\u00f3l, tartalm\u00e1r\u00f3l, idej\u00e9r\u0151l, hely\u00e9r\u0151l,<br>b\u00e1rmely az adatkezel\u00e9ssel \u00f6sszef\u00fcgg\u0151 tev\u00e9kenys\u00e9gr\u0151l b\u00e1rmikor t\u00e1j\u00e9koztat\u00e1st k\u00e9rhet,<br>adataiban t\u00f6rt\u00e9n\u0151 v\u00e1ltoz\u00e1st b\u00e1rmikor bejelentheti.<br>Felhaszn\u00e1l\u00f3 a jelen hozz\u00e1j\u00e1rul\u00e1st b\u00e1rmikor visszavonhatja. Az applik\u00e1ci\u00f3 t\u00f6rl\u00e9se a<br>hozz\u00e1j\u00e1rul\u00e1s visszavon\u00e1s\u00e1t jelenti. Az \u00e9rintett a BookMyCharging alkalmaz\u00e1s<br>Profil\/Felhaszn\u00e1l\u00f3\/T\u00f6rl\u00e9s funkci\u00f3j\u00e1val tudja a BookMyCharging alkalmaz\u00e1sb\u00f3l a regisztr\u00e1ci\u00f3j\u00e1t<br>\u00e9s ezzel egy\u00fctt az adatait t\u00f6r\u00f6lni.<br>Felhaszn\u00e1l\u00f3 jog\u00e9rv\u00e9nyes\u00edt\u00e9si lehet\u0151s\u00e9geit a 2011. \u00e9vi CXII. t\u00f6rv\u00e9ny, valamint az 1959.<br>\u00e9vi IV. tv. (Ptk.) alapj\u00e1n b\u00edr\u00f3s\u00e1g el\u0151tt gyakorolhatja, tov\u00e1bb\u00e1 b\u00e1rmilyen szem\u00e9lyes adattal<br>kapcsolatos k\u00e9rd\u00e9sben k\u00e9rheti Nemzeti Adatv\u00e9delmi \u00e9s Inform\u00e1ci\u00f3szabads\u00e1g Hat\u00f3s\u00e1g<br>seg\u00edts\u00e9g\u00e9t is (1122. Budapest, Szil\u00e1gyi Erzs\u00e9bet fasor 22\/C.) Szolg\u00e1ltat\u00f3 fel\u00e9 az<br>adatkezel\u00e9ssel kapcsolatban b\u00e1rmilyen \u00e9szrev\u00e9telt az al\u00e1bbi e-mail c\u00edmen tehet meg:<br><a href=\"mailto:information@vemsoft.hu\">information@vemsoft.hu<\/a><\/p>\n\n\n\n<p>Szolg\u00e1ltat\u00f3 a szem\u00e9lyes adatot t\u00f6rli, ha az \u00e9rintett k\u00e9ri, az adatkezel\u00e9s c\u00e9lja megsz\u0171nt,<br>vagy az adatok t\u00e1rol\u00e1s\u00e1nak t\u00f6rv\u00e9nyben meghat\u00e1rozott hat\u00e1rideje lej\u00e1rt, azt a b\u00edr\u00f3s\u00e1g<br>vagy m\u00e1s hat\u00f3s\u00e1g elrendelte.<br>Az applik\u00e1ci\u00f3 harmadik szem\u00e9lyek \u00e1ltal \u00fczemeltetett weboldalakra mutat\u00f3 linkeket is<br>tartalmazhat. Az ilyen weboldalakon tal\u00e1lhat\u00f3 tartalom nem \u00e1ll a Szolg\u00e1ltat\u00f3 befoly\u00e1sa<br>alatt, \u00edgy azok\u00e9rt semminem\u0171 felel\u0151ss\u00e9get nem v\u00e1llal.<\/p>\n\n\n\n<p>Amennyiben az adatkezel\u00e9si szab\u00e1lyzatot nem \u00e1ll m\u00f3dj\u00e1ban teljes k\u00f6r\u0171en elfogadni,<br>vagy azzal kapcsolatban b\u00e1rmilyen fenntart\u00e1ssal \u00e9l, k\u00e9rj\u00fck, az applik\u00e1ci\u00f3t ne t\u00f6ltse le,<br>illet\u0151leg t\u00f6r\u00f6lje azt!<\/p>\n\n\n\n<h2 class=\"wp-block-heading\">Adattov\u00e1bb\u00edt\u00e1si nyilatkozat<\/h2>\n\n\n\n<p>Tudom\u00e1sul veszem, hogy a VemSoft M\u0171szaki-fejleszt\u0151 \u00e9s Szolg\u00e1ltat\u00f3 Kft. (sz\u00e9khely: 1043 Budapest, Cs\u00e1nyi L\u00e1szl\u00f3 utca 34.; Cg.: 01-09-071642; ad\u00f3sz\u00e1m: 10446678-2-41;)a tov\u00e1bbiakban: (Szolg\u00e1ltat\u00f3) adatkezel\u0151 \u00e1ltal a www.bookmycharging.com felhaszn\u00e1l\u00f3i adatb\u00e1zis\u00e1ban t\u00e1rolt al\u00e1bbi szem\u00e9lyes adataim \u00e1tad\u00e1sra ker\u00fclnek az OTP Mobil Kft., mint adatfeldolgoz\u00f3 r\u00e9sz\u00e9re. Az adatkezel\u0151 \u00e1ltal tov\u00e1bb\u00edtott adatok k\u00f6re az al\u00e1bbi:<\/p>\n\n\n\n<ul class=\"wp-block-list\">\n<li>a Felhaszn\u00e1l\u00f3 neve<\/li>\n\n\n\n<li>a Felhaszn\u00e1l\u00f3 e-mail c\u00edme<\/li>\n\n\n\n<li>a Felhaszn\u00e1l\u00f3 bejelentkez\u0151 mobil eszk\u00f6zeinek azon adatai melyek a szolg\u00e1ltat\u00e1s ig\u00e9nybev\u00e9tele sor\u00e1n gener\u00e1l\u00f3dnak \u00e9s melyeket a Szolg\u00e1ltat\u00f3 rendszere, a technikai folyamatok automatikus eredm\u00e9nyek\u00e9nt r\u00f6gz\u00edt.<\/li>\n<\/ul>\n\n\n\n<p>Az adatfeldolgoz\u00f3 \u00e1ltal v\u00e9gzett adatfeldolgoz\u00e1si tev\u00e9kenys\u00e9g jellege \u00e9s c\u00e9lja a SimplePay Adatkezel\u00e9si t\u00e1j\u00e9koztat\u00f3ban, az al\u00e1bbi linken tekinthet\u0151 meg:&nbsp;<a href=\"http:\/\/simplepay.hu\/vasarlo-aff\" target=\"_blank\" rel=\"noreferrer noopener\">SimplePay \u00c1ltal\u00e1nos Felhaszn\u00e1l\u00e1si Felt\u00e9telek<\/a><\/p>","protected":false},"excerpt":{"rendered":"<p>Kik vagyunk Az \u00d6n \u00e1ltal let\u00f6lt\u00f6tt BookMyCharging applik\u00e1ci\u00f3t (a tov\u00e1bbiakban: applik\u00e1ci\u00f3) a VemSoftM\u0171szaki-fejleszt\u0151 \u00e9s Szolg\u00e1ltat\u00f3 Kft. (sz\u00e9khely: 1043 Budapest, Cs\u00e1nyi L\u00e1szl\u00f3 utca34.; Cg.: 01-09-071642; ad\u00f3sz\u00e1m: 10446678-2-41;) a tov\u00e1bbiakban: (Szolg\u00e1ltat\u00f3)\u00fczemelteti \u00e9s szolg\u00e1ltatja.A szolg\u00e1ltat\u00e1s ig\u00e9nybe v\u00e9tele \u00e9rdek\u00e9ben sz\u00fcks\u00e9ges, hogy a felhaszn\u00e1l\u00f3 (Felhaszn\u00e1l\u00f3) aSzolg\u00e1ltat\u00f3 sz\u00e1m\u00e1ra bizonyos szem\u00e9lyes adatait megadja. Ezen adatokat a Szolg\u00e1ltat\u00f3bizalmasan, a vonatkoz\u00f3 jogszab\u00e1lyokat marad\u00e9ktalanul betartva [&hellip;]<\/p>\n","protected":false},"author":1,"featured_media":0,"parent":0,"menu_order":0,"comment_status":"closed","ping_status":"closed","template":"","meta":{"footnotes":""},"class_list":["post-3","page","type-page","status-publish","hentry"],"_links":{"self":[{"href":"https:\/\/bookmycharging.com\/hu\/wp-json\/wp\/v2\/pages\/3","targetHints":{"allow":["GET"]}}],"collection":[{"href":"https:\/\/bookmycharging.com\/hu\/wp-json\/wp\/v2\/pages"}],"about":[{"href":"https:\/\/bookmycharging.com\/hu\/wp-json\/wp\/v2\/types\/page"}],"author":[{"embeddable":true,"href":"https:\/\/bookmycharging.com\/hu\/wp-json\/wp\/v2\/users\/1"}],"replies":[{"embeddable":true,"href":"https:\/\/bookmycharging.com\/hu\/wp-json\/wp\/v2\/comments?post=3"}],"version-history":[{"count":2,"href":"https:\/\/bookmycharging.com\/hu\/wp-json\/wp\/v2\/pages\/3\/revisions"}],"predecessor-version":[{"id":74,"href":"https:\/\/bookmycharging.com\/hu\/wp-json\/wp\/v2\/pages\/3\/revisions\/74"}],"wp:attachment":[{"href":"https:\/\/bookmycharging.com\/hu\/wp-json\/wp\/v2\/media?parent=3"}],"curies":[{"name":"wp","href":"https:\/\/api.w.org\/{rel}","templated":true}]}}